{"id":9179,"date":"2025-06-12T16:25:06","date_gmt":"2025-06-12T19:25:06","guid":{"rendered":"https:\/\/rafaelferreiraimoveis.imb.br\/?post_type=property&#038;p=9179"},"modified":"2025-06-12T18:18:24","modified_gmt":"2025-06-12T21:18:24","slug":"lancamento-exclusivo-residencia-essence-kariris","status":"publish","type":"property","link":"https:\/\/rafaelferreiraimoveis.imb.br\/?property=lancamento-exclusivo-residencia-essence-kariris","title":{"rendered":"Lan\u00e7amento Exclusivo: Resid\u00eancia Essence Kariris"},"content":{"rendered":"\n<figure class=\"wp-block-gallery has-nested-images columns-default is-cropped wp-block-gallery-1 is-layout-flex wp-block-gallery-is-layout-flex\">\n<figure class=\"wp-block-image size-large\"><img loading=\"lazy\" decoding=\"async\" width=\"1280\" height=\"1280\" data-id=\"9181\" src=\"https:\/\/rafaelferreiraimoveis.imb.br\/wp-content\/uploads\/2025\/06\/WhatsApp-Image-2025-06-12-at-16.18.49-1.jpeg\" alt=\"\" class=\"wp-image-9181\"\/><\/figure>\n\n\n\n<figure class=\"wp-block-image size-large\"><img loading=\"lazy\" decoding=\"async\" width=\"1280\" height=\"1280\" data-id=\"9182\" src=\"https:\/\/rafaelferreiraimoveis.imb.br\/wp-content\/uploads\/2025\/06\/WhatsApp-Image-2025-06-12-at-16.18.49.jpeg\" alt=\"\" class=\"wp-image-9182\"\/><\/figure>\n<\/figure>\n","protected":false},"excerpt":{"rendered":"","protected":false},"author":2,"featured_media":9183,"parent":0,"menu_order":0,"comment_status":"open","ping_status":"closed","template":"","imovel-caracteristicas":[63,62],"imovel-tipo":[43],"localizacao-imovel":[60],"imovel-estado":[31],"property_folder":[],"property_meta":{"REAL_HOMES_property_price":"","REAL_HOMES_property_old_price":"","REAL_HOMES_property_price_prefix":"","REAL_HOMES_property_price_postfix":"","REAL_HOMES_property_size":"330","REAL_HOMES_property_size_postfix":"","REAL_HOMES_property_lot_size":"509,92","REAL_HOMES_property_lot_size_postfix":"","REAL_HOMES_property_bedrooms":"3","REAL_HOMES_property_bathrooms":"","REAL_HOMES_property_garage":"6","REAL_HOMES_property_id":"","REAL_HOMES_property_year_built":"","REAL_HOMES_featured":"0","REAL_HOMES_additional_details_list":[["\ud83c\udfe1 Lan\u00e7amento Exclusivo: Resid\u00eancia Essence Kariris \u2600\ufe0f\u2728 Apresentamos a Resid\u00eancia Essence Kariris, uma obra-prima da arquitetura moderna e contempor\u00e2nea, unindo sofistica\u00e7\u00e3o, tecnologia e conforto. Localizada em um dos melhores pontos do Cidade Kariris Residencial Clube, Lote 09 \u2013 Quadra E09, essa casa de esquina proporciona exclusividade e privacidade, al\u00e9m de um diferencial incr\u00edvel: \ud83c\udf05 FRENTE NASCENTE & \u00c1REA GOURMET PRIVATIVA VIRADA PARA BARBALHA, TAMB\u00c9M NO NASCENTE! Ou seja, voc\u00ea ter\u00e1 um lar naturalmente mais fresco e iluminado, ideal para quem valoriza o bem-estar. \ud83d\udcd0 Terreno: 509,92 m\u00b2 (aprox. 17x30m) \ud83c\udfe0 \u00c1rea Constru\u00edda: 330 m\u00b2 \ud83d\ude97 Garagem: 6 vagas (3 cobertas + 3 descobertas) \ud83c\udfe1 Tipologia: Duplex Destaques Exclusivos \ud83d\udd1d \u2714 Acabamento Premium para um estilo de vida sofisticado \u2714 Fachada Moderna e Contempor\u00e2nea, com detalhes em pedras naturais e ripados de madeira \ud83e\udeb5 \u2714 Sistema de \u00c1gua Quente (B\u00f3iler) em todos os ambientes \u2714 Esquadrias de Alum\u00ednio de alto padr\u00e3o \u2714 Piso Porcelanato 90x90 para um toque de requinte \u2714 Toda Ilumina\u00e7\u00e3o Integrada com Alexa e Automa\u00e7\u00e3o Residencial \ud83d\udca1 \u2714 \u00c1rea Gourmet com Som Ambiente \ud83c\udfb6 Pavimento T\u00e9rreo \ud83c\udfe1 \ud83d\udc8e Sala de Estar, Jantar e Cozinha Integradas, proporcionando um ambiente amplo e moderno \ud83d\udc8e Depend\u00eancia de Servi\u00e7o \ud83d\udc8e Escrit\u00f3rio Home Office \ud83d\udcd6 \ud83d\udc8e Su\u00edte para Visitas \ud83d\udecf\ufe0f \ud83d\udc8e \u00c1rea de Servi\u00e7o Funcional \ud83d\udc8e \u00c1rea Gourmet Privativa com Piscina \ud83c\udfca\u200d\u2642\ufe0f, Hidromassagem e Cascata, garantindo momentos \u00fanicos de lazer e relaxamento \u2728 Pavimento Superior \ud83d\udecf\ufe0f \ud83d\udd39 3 Su\u00edtes Master com Closet, espa\u00e7osas e elegantes, projetadas para oferecer o m\u00e1ximo de conforto A Resid\u00eancia Essence Kariris \u00e9 a uni\u00e3o perfeita entre design contempor\u00e2neo, tecnologia e qualidade de vida, situada em uma das melhores localiza\u00e7\u00f5es do condom\u00ednio, garantindo privacidade, conforto t\u00e9rmico e sofistica\u00e7\u00e3o. \ud83d\udccd Cidade Kariris Residencial Clube \u2013 Barbalha (Primeira Etapa, Frente Nascente e \u00c1rea Gourmet tamb\u00e9m no Nascente!) Gostou? Entre em contato e venha conhecer essa verdadeira obra de arte!",""]],"REAL_HOMES_property_location":{"latitude":"25.7308309","longitude":"-80.444149","zoom":"0"},"REAL_HOMES_property_address":"","REAL_HOMES_property_map":"0","REAL_HOMES_property_images":[],"REAL_HOMES_change_gallery_slider_type":"0","REAL_HOMES_gallery_slider_type":"thumb-on-right","inspiry_floor_plans":[],"inspiry_video_group":[],"REAL_HOMES_360_virtual_tour":"","REAL_HOMES_tour_video_url":"","REAL_HOMES_tour_video_image":[],"REAL_HOMES_agent_display_option":"none","REAL_HOMES_agents":[],"REAL_HOMES_energy_class":"none","REAL_HOMES_energy_performance":"","REAL_HOMES_epc_current_rating":"","REAL_HOMES_epc_potential_rating":"","ere_property_schedule_tour":"global","ere_property_schedule_time_slots":"","ere_property_schedule_description":"","REAL_HOMES_sticky":"0","inspiry_property_label":"","inspiry_property_label_color":"","inspiry_property_tax":"0","inspiry_additional_fee":"0","REAL_HOMES_attachments":[],"inspiry_property_owner_name":"","inspiry_property_owner_contact":"","inspiry_property_owner_address":"","REAL_HOMES_property_private_note":"","inspiry_message_to_reviewer":"","REAL_HOMES_add_in_slider":"yes","REAL_HOMES_slider_image":[{"width":150,"height":150,"file":"2025\/06\/WhatsApp-Image-2025-06-12-at-16.18.48.jpeg","filesize":239251,"sizes":[],"image_meta":{"aperture":"0","credit":"","camera":"","caption":"","created_timestamp":"0","copyright":"","focal_length":"0","iso":"0","shutter_speed":"0","title":"","orientation":"0","keywords":[]},"ID":"9183","name":"WhatsApp-Image-2025-06-12-at-16.18.48.jpeg","path":"\/var\/www\/html\/teste\/wp-content\/uploads\/2025\/06\/WhatsApp-Image-2025-06-12-at-16.18.48.jpeg","url":"https:\/\/rafaelferreiraimoveis.imb.br\/wp-content\/uploads\/2025\/06\/WhatsApp-Image-2025-06-12-at-16.18.48.jpeg","full_url":"https:\/\/rafaelferreiraimoveis.imb.br\/wp-content\/uploads\/2025\/06\/WhatsApp-Image-2025-06-12-at-16.18.48.jpeg","title":"WhatsApp Image 2025-06-12 at 16.18.48","caption":"","description":"","alt":"","srcset":false}],"REAL_HOMES_page_banner_image":[{"width":150,"height":150,"file":"2025\/06\/WhatsApp-Image-2025-06-12-at-16.18.48.jpeg","filesize":239251,"sizes":[],"image_meta":{"aperture":"0","credit":"","camera":"","caption":"","created_timestamp":"0","copyright":"","focal_length":"0","iso":"0","shutter_speed":"0","title":"","orientation":"0","keywords":[]},"ID":"9183","name":"WhatsApp-Image-2025-06-12-at-16.18.48.jpeg","path":"\/var\/www\/html\/teste\/wp-content\/uploads\/2025\/06\/WhatsApp-Image-2025-06-12-at-16.18.48.jpeg","url":"https:\/\/rafaelferreiraimoveis.imb.br\/wp-content\/uploads\/2025\/06\/WhatsApp-Image-2025-06-12-at-16.18.48.jpeg","full_url":"https:\/\/rafaelferreiraimoveis.imb.br\/wp-content\/uploads\/2025\/06\/WhatsApp-Image-2025-06-12-at-16.18.48.jpeg","title":"WhatsApp Image 2025-06-12 at 16.18.48","caption":"","description":"","alt":"","srcset":false}],"REAL_HOMES_hide_property_advance_search":"0","REAL_HOMES_custom_header_display":"default","REAL_HOMES_custom_header_position":"relative","REAL_HOMES_custom_footer_display":"default","REAL_HOMES_hide_advance_search":"0","REAL_HOMES_custom_search_form":"default","REAL_HOMES_search_form_margin_top":"","REAL_HOMES_search_form_margin_bottom":""},"_links":{"self":[{"href":"https:\/\/rafaelferreiraimoveis.imb.br\/index.php?rest_route=\/wp\/v2\/imovel\/9179"}],"collection":[{"href":"https:\/\/rafaelferreiraimoveis.imb.br\/index.php?rest_route=\/wp\/v2\/imovel"}],"about":[{"href":"https:\/\/rafaelferreiraimoveis.imb.br\/index.php?rest_route=\/wp\/v2\/types\/property"}],"author":[{"embeddable":true,"href":"https:\/\/rafaelferreiraimoveis.imb.br\/index.php?rest_route=\/wp\/v2\/users\/2"}],"replies":[{"embeddable":true,"href":"https:\/\/rafaelferreiraimoveis.imb.br\/index.php?rest_route=%2Fwp%2Fv2%2Fcomments&post=9179"}],"version-history":[{"count":2,"href":"https:\/\/rafaelferreiraimoveis.imb.br\/index.php?rest_route=\/wp\/v2\/imovel\/9179\/revisions"}],"predecessor-version":[{"id":9202,"href":"https:\/\/rafaelferreiraimoveis.imb.br\/index.php?rest_route=\/wp\/v2\/imovel\/9179\/revisions\/9202"}],"wp:featuredmedia":[{"embeddable":true,"href":"https:\/\/rafaelferreiraimoveis.imb.br\/index.php?rest_route=\/wp\/v2\/media\/9183"}],"wp:attachment":[{"href":"https:\/\/rafaelferreiraimoveis.imb.br\/index.php?rest_route=%2Fwp%2Fv2%2Fmedia&parent=9179"}],"wp:term":[{"taxonomy":"property-feature","embeddable":true,"href":"https:\/\/rafaelferreiraimoveis.imb.br\/index.php?rest_route=%2Fwp%2Fv2%2Fimovel-caracteristicas&post=9179"},{"taxonomy":"property-type","embeddable":true,"href":"https:\/\/rafaelferreiraimoveis.imb.br\/index.php?rest_route=%2Fwp%2Fv2%2Fimovel-tipo&post=9179"},{"taxonomy":"property-city","embeddable":true,"href":"https:\/\/rafaelferreiraimoveis.imb.br\/index.php?rest_route=%2Fwp%2Fv2%2Flocalizacao-imovel&post=9179"},{"taxonomy":"property-status","embeddable":true,"href":"https:\/\/rafaelferreiraimoveis.imb.br\/index.php?rest_route=%2Fwp%2Fv2%2Fimovel-estado&post=9179"},{"taxonomy":"property_folder","embeddable":true,"href":"https:\/\/rafaelferreiraimoveis.imb.br\/index.php?rest_route=%2Fwp%2Fv2%2Fproperty_folder&post=9179"}],"curies":[{"name":"wp","href":"https:\/\/api.w.org\/{rel}","templated":true}]}}